{"id":28562,"date":"2024-08-28T12:00:35","date_gmt":"2024-08-28T10:00:35","guid":{"rendered":"https:\/\/www.secartys.org\/?page_id=28562"},"modified":"2024-09-18T10:44:31","modified_gmt":"2024-09-18T08:44:31","slug":"acompanamiento-transformacion-digital-empresas","status":"publish","type":"page","link":"https:\/\/www.secartys.org\/es\/transformacion-digital\/acompanamiento-transformacion-digital-empresas\/","title":{"rendered":"Acompa\u00f1amiento en Transformaci\u00f3n Digital para Empresas"},"content":{"rendered":"<div class=\"wpb-content-wrapper\"><p>[vc_row css_animation=\u00bb\u00bb row_type=\u00bbrow\u00bb use_row_as_full_screen_section=\u00bbno\u00bb type=\u00bbfull_width\u00bb angled_section=\u00bbno\u00bb text_align=\u00bbleft\u00bb background_image_as_pattern=\u00bbwithout_pattern\u00bb][vc_column][vc_single_image image=\u00bb28641&#8243; img_size=\u00bbfull\u00bb qode_css_animation=\u00bb\u00bb][\/vc_column][\/vc_row][vc_row css_animation=\u00bb\u00bb row_type=\u00bbrow\u00bb use_row_as_full_screen_section=\u00bbno\u00bb type=\u00bbfull_width\u00bb angled_section=\u00bbno\u00bb text_align=\u00bbleft\u00bb background_image_as_pattern=\u00bbwithout_pattern\u00bb z_index=\u00bb\u00bb][vc_column][vc_empty_space height=\u00bb50px\u00bb][qode_circles columns=\u00bbfive_columns\u00bb circle_line=\u00bbwith_line\u00bb line_color=\u00bb#004c97&#8243;][qode_circle type=\u00bbimage_type\u00bb title_tag=\u00bbh6&#8243; image=\u00bb28487&#8243; title=\u00bbDiagn\u00f3stico del estado actual e identificaci\u00f3n de necesidades\u00bb][qode_circle type=\u00bbimage_type\u00bb title_tag=\u00bbh6&#8243; image=\u00bb28549&#8243; title=\u00bbConexi\u00f3n con agentes digitalizadores y proveedores de soluciones digitales\u00bb][qode_circle type=\u00bbimage_type\u00bb title_tag=\u00bbh6&#8243; image=\u00bb28552&#8243; title=\u00bbB\u00fasqueda y dise\u00f1o de la soluci\u00f3n digital adaptada a la necesidad\u00bb][qode_circle type=\u00bbimage_type\u00bb title_tag=\u00bbh6&#8243; image=\u00bb28555&#8243; title=\u00bbB\u00fasqueda de ayudas p\u00fablicas y financiaci\u00f3n privada\u00bb][qode_circle type=\u00bbimage_type\u00bb title_tag=\u00bbh6&#8243; image=\u00bb28499&#8243; title=\u00bbPuesta en marcha del proyecto y acompa\u00f1amiento durante el proceso\u00bb][\/qode_circles][vc_empty_space][\/vc_column][\/vc_row][vc_row css_animation=\u00bb\u00bb row_type=\u00bbrow\u00bb use_row_as_full_screen_section=\u00bbno\u00bb type=\u00bbgrid\u00bb angled_section=\u00bbno\u00bb text_align=\u00bbleft\u00bb background_image_as_pattern=\u00bbwithout_pattern\u00bb z_index=\u00bb\u00bb background_color=\u00bb#f7f7f7&#8243;][vc_column][vc_empty_space height=\u00bb50px\u00bb][vc_column_text css=\u00bb\u00bb]<\/p>\n<h3 style=\"text-align: left;\">Conoce algunas de las oportunidades de financiaci\u00f3n_<\/h3>\n<p>[\/vc_column_text][vc_empty_space height=\u00bb50px\u00bb][vc_row_inner row_type=\u00bbrow\u00bb type=\u00bbfull_width\u00bb text_align=\u00bbleft\u00bb css_animation=\u00bb\u00bb][vc_column_inner width=\u00bb1\/6&#8243;][vc_single_image image=\u00bb28407&#8243; img_size=\u00bb200x200px\u00bb alignment=\u00bbcenter\u00bb onclick=\u00bbcustom_link\u00bb img_link_target=\u00bb_blank\u00bb qode_css_animation=\u00bb\u00bb link=\u00bbhttps:\/\/www.secartys.org\/es\/kit-consulting\/\u00bb][\/vc_column_inner][vc_column_inner width=\u00bb1\/6&#8243;][vc_single_image image=\u00bb28410&#8243; img_size=\u00bb200x200px\u00bb alignment=\u00bbcenter\u00bb onclick=\u00bbcustom_link\u00bb img_link_target=\u00bb_blank\u00bb qode_css_animation=\u00bb\u00bb link=\u00bbhttps:\/\/www.secartys.org\/es\/kit-digital\/\u00bb][\/vc_column_inner][vc_column_inner width=\u00bb1\/6&#8243;][vc_single_image image=\u00bb28656&#8243; img_size=\u00bb200x200px\u00bb alignment=\u00bbcenter\u00bb onclick=\u00bbcustom_link\u00bb img_link_target=\u00bb_blank\u00bb qode_css_animation=\u00bb\u00bb link=\u00bbhttps:\/\/www.accio.gencat.cat\/ca\/inici\u00bb][\/vc_column_inner][vc_column_inner width=\u00bb1\/6&#8243;][vc_single_image image=\u00bb28659&#8243; img_size=\u00bb200x200px\u00bb alignment=\u00bbcenter\u00bb onclick=\u00bbcustom_link\u00bb img_link_target=\u00bb_blank\u00bb qode_css_animation=\u00bb\u00bb link=\u00bbhttps:\/\/www.eoi.es\/es\/empresas\/programas-activa\/activa-industria-40&#8243;][\/vc_column_inner][vc_column_inner width=\u00bb1\/6&#8243;][vc_single_image image=\u00bb28662&#8243; img_size=\u00bb200x200px\u00bb alignment=\u00bbcenter\u00bb onclick=\u00bbcustom_link\u00bb img_link_target=\u00bb_blank\u00bb qode_css_animation=\u00bb\u00bb link=\u00bbhttps:\/\/www.cdti.es\/calendario-de-convocatorias\u00bb][\/vc_column_inner][vc_column_inner width=\u00bb1\/6&#8243;][vc_single_image image=\u00bb28665&#8243; img_size=\u00bb200x200px\u00bb alignment=\u00bbcenter\u00bb onclick=\u00bbcustom_link\u00bb img_link_target=\u00bb_blank\u00bb qode_css_animation=\u00bb\u00bb link=\u00bbhttps:\/\/politiquesdigitals.gencat.cat\/ca\/inici\u00bb][\/vc_column_inner][\/vc_row_inner][vc_empty_space height=\u00bb50px\u00bb][\/vc_column][\/vc_row][vc_row css_animation=\u00bb\u00bb row_type=\u00bbrow\u00bb use_row_as_full_screen_section=\u00bbno\u00bb type=\u00bbgrid\u00bb angled_section=\u00bbno\u00bb text_align=\u00bbleft\u00bb background_image_as_pattern=\u00bbwithout_pattern\u00bb z_index=\u00bb\u00bb][vc_column][vc_empty_space height=\u00bb50px\u00bb][vc_column_text css=\u00bb\u00bb]<\/p>\n<h3 style=\"text-align: left;\">Comienza la transformaci\u00f3n de tu empresa contactando con nosotros_<\/h3>\n<h3 style=\"text-align: center;\"><\/h3>\n<p>[\/vc_column_text][vc_empty_space height=\u00bb50px\u00bb][\/vc_column][\/vc_row][vc_row css_animation=\u00bb\u00bb row_type=\u00bbrow\u00bb use_row_as_full_screen_section=\u00bbno\u00bb type=\u00bbfull_width\u00bb angled_section=\u00bbno\u00bb text_align=\u00bbleft\u00bb background_image_as_pattern=\u00bbwithout_pattern\u00bb z_index=\u00bb\u00bb][vc_column width=\u00bb1\/2&#8243;][vc_single_image image=\u00bb28706&#8243; img_size=\u00bbfull\u00bb alignment=\u00bbcenter\u00bb onclick=\u00bbcustom_link\u00bb img_link_target=\u00bb_blank\u00bb qode_css_animation=\u00bb\u00bb link=\u00bbhttps:\/\/outlook.office365.com\/owa\/calendar\/SecartysAsesora@secartys.org\/bookings\/\u00bb][vc_empty_space height=\u00bb50px\u00bb][\/vc_column][vc_column width=\u00bb1\/2&#8243;][vc_single_image image=\u00bb28712&#8243; img_size=\u00bbfull\u00bb alignment=\u00bbcenter\u00bb onclick=\u00bbcustom_link\u00bb img_link_target=\u00bb_blank\u00bb qode_css_animation=\u00bb\u00bb link=\u00bbhttps:\/\/areasocio.secartys.org\/eventos\/acompanamiento-transformacion-digital-empresas\/registration\u00bb][vc_empty_space height=\u00bb50px\u00bb][\/vc_column][\/vc_row][vc_row css_animation=\u00bb\u00bb row_type=\u00bbrow\u00bb use_row_as_full_screen_section=\u00bbno\u00bb type=\u00bbgrid\u00bb angled_section=\u00bbno\u00bb text_align=\u00bbleft\u00bb background_image_as_pattern=\u00bbwithout_pattern\u00bb z_index=\u00bb\u00bb][vc_column][vc_empty_space height=\u00bb50px\u00bb][vc_column_text css=\u00bb\u00bb]<\/p>\n<h2><span style=\"font-family: georgia, palatino, serif;\">Estamos aqu\u00ed para ayudarte_<\/span><\/h2>\n<p>[\/vc_column_text][vc_empty_space height=\u00bb50px\u00bb][vc_row_inner row_type=\u00bbrow\u00bb type=\u00bbgrid\u00bb text_align=\u00bbleft\u00bb css_animation=\u00bb\u00bb][vc_column_inner width=\u00bb1\/2&#8243;][vc_column_text css=\u00bb\u00bb]<\/p>\n<h4><span style=\"font-family: georgia, palatino, serif;\">Escr\u00edbenos o p\u00e1sate por nuestras oficinas_<\/span><\/h4>\n<p>[\/vc_column_text][vc_empty_space height=\u00bb30px\u00bb][\/vc_column_inner][vc_column_inner width=\u00bb1\/2&#8243;][vc_column_text css=\u00bb\u00bb]<\/p>\n<h4><span style=\"font-family: georgia, palatino, serif;\">Forma parte del ecosistema Secartys_<\/span><\/h4>\n<p>[\/vc_column_text][vc_empty_space height=\u00bb30px\u00bb][\/vc_column_inner][\/vc_row_inner][vc_row_inner row_type=\u00bbrow\u00bb type=\u00bbfull_width\u00bb text_align=\u00bbleft\u00bb css_animation=\u00bb\u00bb][vc_column_inner width=\u00bb1\/6&#8243;][vc_column_text css=\u00bb\u00bb]<\/p>\n<h5>Contacta\u00a0 <a href=\"https:\/\/www.secartys.org\/es\/contacto\/\" target=\"_blank\" rel=\"noopener\"><img decoding=\"async\" class=\"alignnone wp-image-31447\" src=\"https:\/\/www.secartys.org\/wp-content\/uploads\/SECARTYS_FLECHA.png\" alt=\"\" width=\"33\" height=\"33\" srcset=\"https:\/\/www.secartys.org\/wp-content\/uploads\/SECARTYS_FLECHA.png 360w, https:\/\/www.secartys.org\/wp-content\/uploads\/SECARTYS_FLECHA-300x300.png 300w\" sizes=\"(max-width: 33px) 100vw, 33px\" \/><\/a><\/h5>\n<hr \/>\n<p>[\/vc_column_text][\/vc_column_inner][vc_column_inner width=\u00bb1\/6&#8243;][vc_column_text css=\u00bb\u00bb]<\/p>\n<h5>Barcelona\u00a0 <a href=\"https:\/\/maps.app.goo.gl\/6G4VjNJ1rGDBDJTi9\" target=\"_blank\" rel=\"noopener\"><img decoding=\"async\" class=\"alignnone wp-image-31447\" src=\"https:\/\/www.secartys.org\/wp-content\/uploads\/SECARTYS_FLECHA.png\" alt=\"\" width=\"33\" height=\"33\" srcset=\"https:\/\/www.secartys.org\/wp-content\/uploads\/SECARTYS_FLECHA.png 360w, https:\/\/www.secartys.org\/wp-content\/uploads\/SECARTYS_FLECHA-300x300.png 300w\" sizes=\"(max-width: 33px) 100vw, 33px\" \/><\/a><\/h5>\n<hr \/>\n<p>[\/vc_column_text][\/vc_column_inner][vc_column_inner width=\u00bb1\/6&#8243;][vc_column_text css=\u00bb\u00bb]<\/p>\n<h5>Madrid\u00a0 <a href=\"https:\/\/maps.app.goo.gl\/d2uFZA2hmQdmLENa8\" target=\"_blank\" rel=\"noopener\"><img decoding=\"async\" class=\"alignnone wp-image-31447\" src=\"https:\/\/www.secartys.org\/wp-content\/uploads\/SECARTYS_FLECHA.png\" alt=\"\" width=\"33\" height=\"33\" srcset=\"https:\/\/www.secartys.org\/wp-content\/uploads\/SECARTYS_FLECHA.png 360w, https:\/\/www.secartys.org\/wp-content\/uploads\/SECARTYS_FLECHA-300x300.png 300w\" sizes=\"(max-width: 33px) 100vw, 33px\" \/><\/a><\/h5>\n<hr \/>\n<p>[\/vc_column_text][\/vc_column_inner][vc_column_inner width=\u00bb1\/6&#8243;][vc_column_text css=\u00bb\u00bb]<\/p>\n<h5>\u00danete\u00a0 <a href=\"https:\/\/www.secartys.org\/es\/hazte-socio\/\" target=\"_blank\" rel=\"noopener\"><img decoding=\"async\" class=\"alignnone wp-image-31447\" src=\"https:\/\/www.secartys.org\/wp-content\/uploads\/SECARTYS_FLECHA.png\" alt=\"\" width=\"33\" height=\"33\" srcset=\"https:\/\/www.secartys.org\/wp-content\/uploads\/SECARTYS_FLECHA.png 360w, https:\/\/www.secartys.org\/wp-content\/uploads\/SECARTYS_FLECHA-300x300.png 300w\" sizes=\"(max-width: 33px) 100vw, 33px\" \/><\/a><\/h5>\n<hr \/>\n<p>[\/vc_column_text][\/vc_column_inner][vc_column_inner width=\u00bb1\/6&#8243;][vc_column_text css=\u00bb\u00bb]<\/p>\n<h5>Socios\u00a0 <a href=\"https:\/\/www.secartys.org\/es\/conocenos\/socios\/\" target=\"_blank\" rel=\"noopener\"><img decoding=\"async\" class=\"alignnone wp-image-31447\" src=\"https:\/\/www.secartys.org\/wp-content\/uploads\/SECARTYS_FLECHA.png\" alt=\"\" width=\"33\" height=\"33\" srcset=\"https:\/\/www.secartys.org\/wp-content\/uploads\/SECARTYS_FLECHA.png 360w, https:\/\/www.secartys.org\/wp-content\/uploads\/SECARTYS_FLECHA-300x300.png 300w\" sizes=\"(max-width: 33px) 100vw, 33px\" \/><\/a><\/h5>\n<hr \/>\n<p>[\/vc_column_text][\/vc_column_inner][vc_column_inner width=\u00bb1\/6&#8243;][vc_column_text css=\u00bb\u00bb]<\/p>\n<h5>Ecosistema\u00a0\u00a0<a href=\"https:\/\/www.secartys.org\/es\/#ecosistema\" target=\"_blank\" rel=\"noopener\"><img decoding=\"async\" class=\"alignnone wp-image-31447\" src=\"https:\/\/www.secartys.org\/wp-content\/uploads\/SECARTYS_FLECHA.png\" alt=\"\" width=\"33\" height=\"33\" srcset=\"https:\/\/www.secartys.org\/wp-content\/uploads\/SECARTYS_FLECHA.png 360w, https:\/\/www.secartys.org\/wp-content\/uploads\/SECARTYS_FLECHA-300x300.png 300w\" sizes=\"(max-width: 33px) 100vw, 33px\" \/><\/a><\/h5>\n<hr \/>\n<p>[\/vc_column_text][\/vc_column_inner][\/vc_row_inner][\/vc_column][\/vc_row][vc_row css_animation=\u00bb\u00bb row_type=\u00bbrow\u00bb use_row_as_full_screen_section=\u00bbno\u00bb type=\u00bbfull_width\u00bb angled_section=\u00bbno\u00bb text_align=\u00bbleft\u00bb background_image_as_pattern=\u00bbwithout_pattern\u00bb][vc_column][vc_empty_space height=\u00bb50px\u00bb][\/vc_column][\/vc_row]<\/p>\n<\/div>","protected":false},"excerpt":{"rendered":"<p>[vc_row css_animation=\u00bb\u00bb row_type=\u00bbrow\u00bb use_row_as_full_screen_section=\u00bbno\u00bb type=\u00bbfull_width\u00bb angled_section=\u00bbno\u00bb text_align=\u00bbleft\u00bb background_image_as_pattern=\u00bbwithout_pattern\u00bb][vc_column][vc_single_image image=\u00bb28641&#8243; img_size=\u00bbfull\u00bb qode_css_animation=\u00bb\u00bb][\/vc_column][\/vc_row][vc_row css_animation=\u00bb\u00bb row_type=\u00bbrow\u00bb use_row_as_full_screen_section=\u00bbno\u00bb type=\u00bbfull_width\u00bb angled_section=\u00bbno\u00bb text_align=\u00bbleft\u00bb background_image_as_pattern=\u00bbwithout_pattern\u00bb z_index=\u00bb\u00bb][vc_column][vc_empty_space height=\u00bb50px\u00bb][qode_circles columns=\u00bbfive_columns\u00bb circle_line=\u00bbwith_line\u00bb line_color=\u00bb#004c97&#8243;][qode_circle type=\u00bbimage_type\u00bb title_tag=\u00bbh6&#8243; image=\u00bb28487&#8243; title=\u00bbDiagn\u00f3stico del estado actual e identificaci\u00f3n de necesidades\u00bb][qode_circle type=\u00bbimage_type\u00bb title_tag=\u00bbh6&#8243; image=\u00bb28549&#8243; title=\u00bbConexi\u00f3n con agentes digitalizadores y proveedores de soluciones&#8230;<\/p>\n","protected":false},"author":1,"featured_media":0,"parent":31039,"menu_order":1,"comment_status":"closed","ping_status":"closed","template":"full_width.php","meta":{"footnotes":""},"class_list":["post-28562","page","type-page","status-publish","hentry"],"yoast_head":"<!-- This site is optimized with the Yoast SEO plugin v26.5 - https:\/\/yoast.com\/wordpress\/plugins\/seo\/ -->\n<title>SECARTYS - Cl\u00faster Empresarial | Potenciamos tu Empresa o Pyme<\/title>\n<meta name=\"description\" content=\"\u25b7 Secartys, somos un cl\u00faster empresarial sin \u00e1nimo de lucro, desde 1968 nos dedicamos a fomentar la competitividad de nuestros asociados en toda Espa\u00f1a.\" \/>\n<meta name=\"robots\" content=\"index, follow, max-snippet:-1, max-image-preview:large, max-video-preview:-1\" \/>\n<link rel=\"canonical\" href=\"https:\/\/www.secartys.org\/es\/transformacion-digital\/acompanamiento-transformacion-digital-empresas\/\" \/>\n<meta property=\"og:locale\" content=\"es_ES\" \/>\n<meta property=\"og:type\" content=\"article\" \/>\n<meta property=\"og:title\" content=\"SECARTYS - Cl\u00faster Empresarial | Potenciamos tu Empresa o Pyme\" \/>\n<meta property=\"og:description\" content=\"\u25b7 Secartys, somos un cl\u00faster empresarial sin \u00e1nimo de lucro, desde 1968 nos dedicamos a fomentar la competitividad de nuestros asociados en toda Espa\u00f1a.\" \/>\n<meta property=\"og:url\" content=\"https:\/\/www.secartys.org\/es\/transformacion-digital\/acompanamiento-transformacion-digital-empresas\/\" \/>\n<meta property=\"og:site_name\" content=\"Secartys\" \/>\n<meta property=\"article:modified_time\" content=\"2024-09-18T08:44:31+00:00\" \/>\n<meta property=\"og:image\" content=\"https:\/\/www.secartys.org\/wp-content\/uploads\/SECARTYS_FLECHA.png\" \/>\n<meta name=\"twitter:card\" content=\"summary_large_image\" \/>\n<meta name=\"twitter:site\" content=\"@SECARTYS\" \/>\n<meta name=\"twitter:label1\" content=\"Tiempo de lectura\" \/>\n\t<meta name=\"twitter:data1\" content=\"9 minutos\" \/>\n<script type=\"application\/ld+json\" class=\"yoast-schema-graph\">{\"@context\":\"https:\/\/schema.org\",\"@graph\":[{\"@type\":\"WebPage\",\"@id\":\"https:\/\/www.secartys.org\/es\/transformacion-digital\/acompanamiento-transformacion-digital-empresas\/\",\"url\":\"https:\/\/www.secartys.org\/es\/transformacion-digital\/acompanamiento-transformacion-digital-empresas\/\",\"name\":\"SECARTYS - Cl\u00faster Empresarial | Potenciamos tu Empresa o Pyme\",\"isPartOf\":{\"@id\":\"https:\/\/www.secartys.org\/es\/#website\"},\"primaryImageOfPage\":{\"@id\":\"https:\/\/www.secartys.org\/es\/transformacion-digital\/acompanamiento-transformacion-digital-empresas\/#primaryimage\"},\"image\":{\"@id\":\"https:\/\/www.secartys.org\/es\/transformacion-digital\/acompanamiento-transformacion-digital-empresas\/#primaryimage\"},\"thumbnailUrl\":\"https:\/\/www.secartys.org\/wp-content\/uploads\/SECARTYS_FLECHA.png\",\"datePublished\":\"2024-08-28T10:00:35+00:00\",\"dateModified\":\"2024-09-18T08:44:31+00:00\",\"description\":\"\u25b7 Secartys, somos un cl\u00faster empresarial sin \u00e1nimo de lucro, desde 1968 nos dedicamos a fomentar la competitividad de nuestros asociados en toda Espa\u00f1a.\",\"breadcrumb\":{\"@id\":\"https:\/\/www.secartys.org\/es\/transformacion-digital\/acompanamiento-transformacion-digital-empresas\/#breadcrumb\"},\"inLanguage\":\"es\",\"potentialAction\":[{\"@type\":\"ReadAction\",\"target\":[\"https:\/\/www.secartys.org\/es\/transformacion-digital\/acompanamiento-transformacion-digital-empresas\/\"]}]},{\"@type\":\"ImageObject\",\"inLanguage\":\"es\",\"@id\":\"https:\/\/www.secartys.org\/es\/transformacion-digital\/acompanamiento-transformacion-digital-empresas\/#primaryimage\",\"url\":\"https:\/\/www.secartys.org\/wp-content\/uploads\/SECARTYS_FLECHA.png\",\"contentUrl\":\"https:\/\/www.secartys.org\/wp-content\/uploads\/SECARTYS_FLECHA.png\"},{\"@type\":\"BreadcrumbList\",\"@id\":\"https:\/\/www.secartys.org\/es\/transformacion-digital\/acompanamiento-transformacion-digital-empresas\/#breadcrumb\",\"itemListElement\":[{\"@type\":\"ListItem\",\"position\":1,\"name\":\"Portada\",\"item\":\"https:\/\/www.secartys.org\/es\/\"},{\"@type\":\"ListItem\",\"position\":2,\"name\":\"TRANSFORMACI\u00d3N DIGITAL\",\"item\":\"https:\/\/www.secartys.org\/es\/transformacion-digital\/\"},{\"@type\":\"ListItem\",\"position\":3,\"name\":\"Acompa\u00f1amiento en Transformaci\u00f3n Digital para Empresas\"}]},{\"@type\":\"WebSite\",\"@id\":\"https:\/\/www.secartys.org\/es\/#website\",\"url\":\"https:\/\/www.secartys.org\/es\/\",\"name\":\"Secartys\",\"description\":\"Secartys es una agrupaci\u00f3n empresarial sin \u00e1nimo de lucro que dedica sus esfuerzos a fomentar la competitividad de sus asociados.\",\"publisher\":{\"@id\":\"https:\/\/www.secartys.org\/es\/#organization\"},\"potentialAction\":[{\"@type\":\"SearchAction\",\"target\":{\"@type\":\"EntryPoint\",\"urlTemplate\":\"https:\/\/www.secartys.org\/es\/?s={search_term_string}\"},\"query-input\":{\"@type\":\"PropertyValueSpecification\",\"valueRequired\":true,\"valueName\":\"search_term_string\"}}],\"inLanguage\":\"es\"},{\"@type\":\"Organization\",\"@id\":\"https:\/\/www.secartys.org\/es\/#organization\",\"name\":\"SECARTYS\",\"url\":\"https:\/\/www.secartys.org\/es\/\",\"logo\":{\"@type\":\"ImageObject\",\"inLanguage\":\"es\",\"@id\":\"https:\/\/www.secartys.org\/es\/#\/schema\/logo\/image\/\",\"url\":\"https:\/\/www.secartys.org\/wp-content\/uploads\/logo-secartys-web-oficial.png\",\"contentUrl\":\"https:\/\/www.secartys.org\/wp-content\/uploads\/logo-secartys-web-oficial.png\",\"width\":400,\"height\":120,\"caption\":\"SECARTYS\"},\"image\":{\"@id\":\"https:\/\/www.secartys.org\/es\/#\/schema\/logo\/image\/\"},\"sameAs\":[\"https:\/\/x.com\/SECARTYS\",\"https:\/\/www.linkedin.com\/company\/secartys\/\",\"https:\/\/www.youtube.com\/user\/secartys\/\"]}]}<\/script>\n<!-- \/ Yoast SEO plugin. -->","yoast_head_json":{"title":"SECARTYS - Cl\u00faster Empresarial | Potenciamos tu Empresa o Pyme","description":"\u25b7 Secartys, somos un cl\u00faster empresarial sin \u00e1nimo de lucro, desde 1968 nos dedicamos a fomentar la competitividad de nuestros asociados en toda Espa\u00f1a.","robots":{"index":"index","follow":"follow","max-snippet":"max-snippet:-1","max-image-preview":"max-image-preview:large","max-video-preview":"max-video-preview:-1"},"canonical":"https:\/\/www.secartys.org\/es\/transformacion-digital\/acompanamiento-transformacion-digital-empresas\/","og_locale":"es_ES","og_type":"article","og_title":"SECARTYS - Cl\u00faster Empresarial | Potenciamos tu Empresa o Pyme","og_description":"\u25b7 Secartys, somos un cl\u00faster empresarial sin \u00e1nimo de lucro, desde 1968 nos dedicamos a fomentar la competitividad de nuestros asociados en toda Espa\u00f1a.","og_url":"https:\/\/www.secartys.org\/es\/transformacion-digital\/acompanamiento-transformacion-digital-empresas\/","og_site_name":"Secartys","article_modified_time":"2024-09-18T08:44:31+00:00","og_image":[{"url":"https:\/\/www.secartys.org\/wp-content\/uploads\/SECARTYS_FLECHA.png","type":"","width":"","height":""}],"twitter_card":"summary_large_image","twitter_site":"@SECARTYS","twitter_misc":{"Tiempo de lectura":"9 minutos"},"schema":{"@context":"https:\/\/schema.org","@graph":[{"@type":"WebPage","@id":"https:\/\/www.secartys.org\/es\/transformacion-digital\/acompanamiento-transformacion-digital-empresas\/","url":"https:\/\/www.secartys.org\/es\/transformacion-digital\/acompanamiento-transformacion-digital-empresas\/","name":"SECARTYS - Cl\u00faster Empresarial | Potenciamos tu Empresa o Pyme","isPartOf":{"@id":"https:\/\/www.secartys.org\/es\/#website"},"primaryImageOfPage":{"@id":"https:\/\/www.secartys.org\/es\/transformacion-digital\/acompanamiento-transformacion-digital-empresas\/#primaryimage"},"image":{"@id":"https:\/\/www.secartys.org\/es\/transformacion-digital\/acompanamiento-transformacion-digital-empresas\/#primaryimage"},"thumbnailUrl":"https:\/\/www.secartys.org\/wp-content\/uploads\/SECARTYS_FLECHA.png","datePublished":"2024-08-28T10:00:35+00:00","dateModified":"2024-09-18T08:44:31+00:00","description":"\u25b7 Secartys, somos un cl\u00faster empresarial sin \u00e1nimo de lucro, desde 1968 nos dedicamos a fomentar la competitividad de nuestros asociados en toda Espa\u00f1a.","breadcrumb":{"@id":"https:\/\/www.secartys.org\/es\/transformacion-digital\/acompanamiento-transformacion-digital-empresas\/#breadcrumb"},"inLanguage":"es","potentialAction":[{"@type":"ReadAction","target":["https:\/\/www.secartys.org\/es\/transformacion-digital\/acompanamiento-transformacion-digital-empresas\/"]}]},{"@type":"ImageObject","inLanguage":"es","@id":"https:\/\/www.secartys.org\/es\/transformacion-digital\/acompanamiento-transformacion-digital-empresas\/#primaryimage","url":"https:\/\/www.secartys.org\/wp-content\/uploads\/SECARTYS_FLECHA.png","contentUrl":"https:\/\/www.secartys.org\/wp-content\/uploads\/SECARTYS_FLECHA.png"},{"@type":"BreadcrumbList","@id":"https:\/\/www.secartys.org\/es\/transformacion-digital\/acompanamiento-transformacion-digital-empresas\/#breadcrumb","itemListElement":[{"@type":"ListItem","position":1,"name":"Portada","item":"https:\/\/www.secartys.org\/es\/"},{"@type":"ListItem","position":2,"name":"TRANSFORMACI\u00d3N DIGITAL","item":"https:\/\/www.secartys.org\/es\/transformacion-digital\/"},{"@type":"ListItem","position":3,"name":"Acompa\u00f1amiento en Transformaci\u00f3n Digital para Empresas"}]},{"@type":"WebSite","@id":"https:\/\/www.secartys.org\/es\/#website","url":"https:\/\/www.secartys.org\/es\/","name":"Secartys","description":"Secartys es una agrupaci\u00f3n empresarial sin \u00e1nimo de lucro que dedica sus esfuerzos a fomentar la competitividad de sus asociados.","publisher":{"@id":"https:\/\/www.secartys.org\/es\/#organization"},"potentialAction":[{"@type":"SearchAction","target":{"@type":"EntryPoint","urlTemplate":"https:\/\/www.secartys.org\/es\/?s={search_term_string}"},"query-input":{"@type":"PropertyValueSpecification","valueRequired":true,"valueName":"search_term_string"}}],"inLanguage":"es"},{"@type":"Organization","@id":"https:\/\/www.secartys.org\/es\/#organization","name":"SECARTYS","url":"https:\/\/www.secartys.org\/es\/","logo":{"@type":"ImageObject","inLanguage":"es","@id":"https:\/\/www.secartys.org\/es\/#\/schema\/logo\/image\/","url":"https:\/\/www.secartys.org\/wp-content\/uploads\/logo-secartys-web-oficial.png","contentUrl":"https:\/\/www.secartys.org\/wp-content\/uploads\/logo-secartys-web-oficial.png","width":400,"height":120,"caption":"SECARTYS"},"image":{"@id":"https:\/\/www.secartys.org\/es\/#\/schema\/logo\/image\/"},"sameAs":["https:\/\/x.com\/SECARTYS","https:\/\/www.linkedin.com\/company\/secartys\/","https:\/\/www.youtube.com\/user\/secartys\/"]}]}},"_links":{"self":[{"href":"https:\/\/www.secartys.org\/es\/wp-json\/wp\/v2\/pages\/28562","targetHints":{"allow":["GET"]}}],"collection":[{"href":"https:\/\/www.secartys.org\/es\/wp-json\/wp\/v2\/pages"}],"about":[{"href":"https:\/\/www.secartys.org\/es\/wp-json\/wp\/v2\/types\/page"}],"author":[{"embeddable":true,"href":"https:\/\/www.secartys.org\/es\/wp-json\/wp\/v2\/users\/1"}],"replies":[{"embeddable":true,"href":"https:\/\/www.secartys.org\/es\/wp-json\/wp\/v2\/comments?post=28562"}],"version-history":[{"count":28,"href":"https:\/\/www.secartys.org\/es\/wp-json\/wp\/v2\/pages\/28562\/revisions"}],"predecessor-version":[{"id":32003,"href":"https:\/\/www.secartys.org\/es\/wp-json\/wp\/v2\/pages\/28562\/revisions\/32003"}],"up":[{"embeddable":true,"href":"https:\/\/www.secartys.org\/es\/wp-json\/wp\/v2\/pages\/31039"}],"wp:attachment":[{"href":"https:\/\/www.secartys.org\/es\/wp-json\/wp\/v2\/media?parent=28562"}],"curies":[{"name":"wp","href":"https:\/\/api.w.org\/{rel}","templated":true}]}}